{"id":5158,"date":"2019-01-17T10:58:32","date_gmt":"2019-01-17T09:58:32","guid":{"rendered":"http:\/\/www.nidodegliulivi.com\/It\/?page_id=5158"},"modified":"2023-01-17T12:37:15","modified_gmt":"2023-01-17T11:37:15","slug":"toscana-nido-ulivi-cortona","status":"publish","type":"page","link":"https:\/\/www.nidodegliulivi.com\/It\/toscana-nido-ulivi-cortona\/","title":{"rendered":"Toscana"},"content":{"rendered":"[mk_page_section bg_repeat=&#8221;no-repeat&#8221; bg_stretch=&#8221;true&#8221; video_opacity=&#8221;0.9&#8243; min_height=&#8221;500&#8243; full_width=&#8221;true&#8221; js_vertical_centered=&#8221;true&#8221; padding_top=&#8221;0&#8243; padding_bottom=&#8221;0&#8243; visibility=&#8221;hidden-sm&#8221; sidebar=&#8221;sidebar-1&#8243;][vc_column][mk_layerslider id=&#8221;1&#8243;][\/vc_column][\/mk_page_section][vc_row][vc_column][mk_padding_divider size=&#8221;20&#8243;][mk_fancy_title tag_name=&#8221;h3&#8243; color=&#8221;#72d5e7&#8243; size=&#8221;40&#8243; force_font_size=&#8221;true&#8221; size_tablet=&#8221;40&#8243; size_phone=&#8221;30&#8243; font_weight=&#8221;400&#8243; txt_transform=&#8221;none&#8221; font_family=&#8221;Poppins&#8221; font_type=&#8221;google&#8221; responsive_align=&#8221;left&#8221; animation=&#8221;top-to-bottom&#8221;]Un Luogo Unico[\/mk_fancy_title][vc_column_text disable_pattern=&#8221;false&#8221; css=&#8221;.vc_custom_1555688057213{margin-bottom: 0px !important;}&#8221;]\n<div style=\"font-size: 18px; line-height: 26px; text-align: justify;\">Cortona, una delle 12 citt\u00e0 della confederazione etrusca, le sue primitive mura ciclopiche si possono ancora oggi osservare imponenti tratti appena modificati da mura medioevali. Salvo pochi bei palazzi rinascimentali, il carattere prevalente degli edifici cortonesi \u00e8 medioevale. Data la posizione elevata (600 m. s.l.m.) da ogni punto di Cortona si gode una stupenda vista che abbraccia tutta la Val di Chiana.<\/div>\n[\/vc_column_text][\/vc_column][\/vc_row][vc_row][vc_column][mk_padding_divider size=&#8221;20&#8243;][mk_fancy_title tag_name=&#8221;h3&#8243; color=&#8221;#72d5e7&#8243; size=&#8221;40&#8243; force_font_size=&#8221;true&#8221; size_tablet=&#8221;40&#8243; size_phone=&#8221;30&#8243; font_weight=&#8221;400&#8243; txt_transform=&#8221;none&#8221; font_family=&#8221;Poppins&#8221; font_type=&#8221;google&#8221; responsive_align=&#8221;left&#8221; animation=&#8221;top-to-bottom&#8221;]Cortona[\/mk_fancy_title][vc_column_text disable_pattern=&#8221;false&#8221; css=&#8221;.vc_custom_1555688103072{margin-bottom: 0px !important;}&#8221;]\n<div style=\"font-size: 18px; line-height: 26px; text-align: justify;\">DA VISITARE: Il MAEC, Museo dell&#8217;Accademia Etrusca della citt\u00e0 di Cortona, nel quale fra le molte opere di ogni periodo emergono: il lampadario etrusco detto appunto di Cortona, uno dei pi\u00f9 celebrati bronzi dell&#8217;antichit\u00e0; e la &#8220;Musa Polimnia&#8221;, pittura ad encausto di epoca romana, di straordinaria bellezza. Il Museo Diocesano, oltre a opere di Luca Signorelli, il grande pittore rinascimentale nativo di Cortona, si trova una delle pi\u00f9 belle &#8220;Annunciazioni&#8221; del Beato Angelico. Fuori citt\u00e0 si trovano la tomba etrusca detta &#8220;Tanella di Pitagora&#8221; (II sec. a.C.) in localit\u00e0 Cannaia; tombe etrusche a ipogeo del sec. VI e VII a.C. in localit\u00e0 Sodo; in localit\u00e0 Metelliano la chiesa romanica di S. Angelo; ed al Calcinaio il bel tempio cinquecentesco di S. Maria delle Grazie. Il convento delle Celle, fondato da S. Francesco, \u00e8 uno dei luoghi pi\u00f9 suggestivi della zona. La &#8220;Via Crucis&#8221; del Severini (sec.XX) segue la mistica rampa che unisce il centro abitato al sovrastante santuario di S. Margherita, a sua volta dominata dalla possente struttura della Fortezza del Girifalco.<\/div>\n[\/vc_column_text][\/vc_column][\/vc_row][vc_row][vc_column][mk_padding_divider size=&#8221;20&#8243;][mk_fancy_title tag_name=&#8221;h3&#8243; color=&#8221;#72d5e7&#8243; size=&#8221;40&#8243; force_font_size=&#8221;true&#8221; size_tablet=&#8221;40&#8243; size_phone=&#8221;30&#8243; font_weight=&#8221;400&#8243; txt_transform=&#8221;none&#8221; font_family=&#8221;Poppins&#8221; font_type=&#8221;google&#8221; responsive_align=&#8221;left&#8221; animation=&#8221;top-to-bottom&#8221;]Firenze[\/mk_fancy_title][vc_column_text disable_pattern=&#8221;false&#8221; css=&#8221;.vc_custom_1555688142526{margin-bottom: 0px !important;}&#8221;]\n<div style=\"font-size: 18px; line-height: 26px; text-align: justify;\">Culla del Rinascimento e dell&#8217;arte italiana, offre ai suoi visitatori la bellezza dei suoi scorci e le tante meraviglie. Il cuore di Firenze \u00e8 Piazza della Signoria col maestoso Palazzo Vecchio, con la galleria di capolavori scultorei nella Loggia dei Lanzi e la vicina Galleria degli Uffizi. Poco lontano si trova la cattedrale di Santa Maria del Fiore, con la maestosa cupola; l&#8217;enorme Duomo \u00e8 magnificamente corredato dal Campanile di Giotto, e dal Battistero di San Giovanni. Il fiume Arno passa in mezzo alla citt\u00e0. Tra i ponti che lo attraversano il Ponte Vecchio \u00e8 unico al mondo, con le caratteristiche botteghe di gioiellieri nelle casette costruite su di esso. Il centro di Firenze con le sue centinaia di attivit\u00e0 commerciali \u00e8 un paradiso per lo shopping e lo svago, dalle eleganti boutique d&#8217;alta moda e i caff\u00e8 storici da concerto ai vivaci mercati storici all&#8217;aperto, oltre che ad ospitare numerosissimi locali notturni.<\/div>\n[\/vc_column_text][\/vc_column][\/vc_row][vc_row][vc_column][mk_padding_divider size=&#8221;20&#8243;][mk_fancy_title tag_name=&#8221;h3&#8243; color=&#8221;#72d5e7&#8243; size=&#8221;40&#8243; force_font_size=&#8221;true&#8221; size_tablet=&#8221;40&#8243; size_phone=&#8221;30&#8243; font_weight=&#8221;400&#8243; txt_transform=&#8221;none&#8221; font_family=&#8221;Poppins&#8221; font_type=&#8221;google&#8221; responsive_align=&#8221;left&#8221; animation=&#8221;top-to-bottom&#8221;]Siena e Montepulciano[\/mk_fancy_title][vc_column_text disable_pattern=&#8221;false&#8221; css=&#8221;.vc_custom_1555688274012{margin-bottom: 0px !important;}&#8221;]\n<div style=\"font-size: 18px; line-height: 26px; text-align: justify;\">L&#8217;arte gotica, grazie al contatto avvenuto nel corso del XIV secolo con la Francia e Venezia, ha donato a Siena una delle sue sfumature pi\u00f9 interessanti. L&#8217;esempio di architettura pi\u00f9 famoso \u00e8 quello della cattedrale di Santa Maria Assunta, ovvero il Duomo e alcune rifiniture del Palazzo Comunale situato in Piazza del Campo. L&#8217;arte \u00e8 ci\u00f2 che pi\u00f9 ha influenzato Siena, rendendola una delle citt\u00e0 turistiche pi\u00f9 visitate: Piazza del Campo, il Duomo, Palazzo Comunale e la Torre del Mangia attirano visitatori da tutto il mondo. Un&#8217;altra delle attrattive senesi \u00e8 il settore dell&#8217;enogastronomia, con l&#8217;Enoteca Italiana, situata nella Fortezza Medicea, con gli insaccati senesi e gli antichi dolci, come i ricciarelli, il panpepato, le copate e i cavallucci.<strong>Montepulciano<\/strong> si presenta come un borgo medievale, incredibilmente conservato, posto su un\u2019altura fra la Valdichiana e la Val d\u2019Orcia. Salendo per i ripidi borghi, il visitatore scoprir\u00e0 bellissimi palazzi e chiese dove i massimi architetti del Rinascimento trasfusero la loro arte impareggiabile. Da vedere la splendida Piazza Grande, con il Duomo dalla facciata incompleta e il Palazzo Comunale; tutto intorno palazzi rinascimentali.<\/div>\n[\/vc_column_text][\/vc_column][\/vc_row][vc_row][vc_column][mk_divider style=&#8221;thin_solid&#8221; thin_single_color=&#8221;#5e5e5e&#8221;][mk_padding_divider][\/vc_column][\/vc_row][vc_row][vc_column width=&#8221;1\/3&#8243;][mk_fancy_title color=&#8221;#72d5e7&#8243; size=&#8221;25&#8243; font_weight=&#8221;400&#8243; txt_transform=&#8221;capitalize&#8221; margin_bottom=&#8221;15&#8243; font_family=&#8221;Poppins&#8221; font_type=&#8221;google&#8221; responsive_align=&#8221;left&#8221;]Esterno[\/mk_fancy_title][mk_image src=&#8221;https:\/\/www.nidodegliulivi.com\/It\/wp-content\/uploads\/2019\/01\/outside_nido_degli_ulivi_cortona_tuscany.jpg&#8221; image_size=&#8221;full&#8221;][vc_column_text disable_pattern=&#8221;false&#8221; css=&#8221;.vc_custom_1555688485005{margin-bottom: 0px !important;}&#8221;]\n<p style=\"text-align: justify;\">Un posto unico ed elegante dove trascorrere le vostre vacanze immerse tra storia e natura, tra relax e quiete.<\/p>\n[\/vc_column_text][mk_button dimension=&#8221;flat&#8221; size=&#8221;medium&#8221; url=&#8221;https:\/\/www.nidodegliulivi.com\/It\/esterno-gallery-nido-ulivi-cortona-toscana\/&#8221; fullwidth=&#8221;true&#8221; margin_top=&#8221;15&#8243; animation=&#8221;fade-in&#8221; bg_color=&#8221;#ffbb44&#8243; btn_hover_bg=&#8221;#ffbb44&#8243; text_color=&#8221;dark&#8221;]Continua[\/mk_button][mk_padding_divider size=&#8221;60&#8243; visibility=&#8221;visible-sm&#8221;][\/vc_column][vc_column width=&#8221;1\/3&#8243;][mk_fancy_title color=&#8221;#72d5e7&#8243; size=&#8221;25&#8243; font_weight=&#8221;400&#8243; txt_transform=&#8221;capitalize&#8221; margin_bottom=&#8221;15&#8243; font_family=&#8221;Poppins&#8221; font_type=&#8221;google&#8221; responsive_align=&#8221;left&#8221;]Interno[\/mk_fancy_title][mk_image src=&#8221;https:\/\/www.nidodegliulivi.com\/It\/wp-content\/uploads\/2019\/01\/inside_nido_degli_ulivi_cortona_tuscany.jpg&#8221; image_size=&#8221;full&#8221;][vc_column_text disable_pattern=&#8221;false&#8221; css=&#8221;.vc_custom_1555579678061{margin-bottom: 0px !important;}&#8221;]\n<p style=\"text-align: justify;\">Dove l&#8217;eleganza dell&#8217;arredamento si sposa con la tradizione toscana. Stanze da vivere e amare per una vacanza unica.<\/p>\n[\/vc_column_text][mk_button dimension=&#8221;flat&#8221; size=&#8221;medium&#8221; url=&#8221;https:\/\/www.nidodegliulivi.com\/It\/interno-gallery-caso-ulivi-cortona-toscana\/&#8221; fullwidth=&#8221;true&#8221; margin_top=&#8221;15&#8243; animation=&#8221;fade-in&#8221; bg_color=&#8221;#ffbb44&#8243; btn_hover_bg=&#8221;#ffbb44&#8243; text_color=&#8221;dark&#8221;]Continua[\/mk_button][mk_padding_divider size=&#8221;60&#8243; visibility=&#8221;visible-sm&#8221;][\/vc_column][vc_column width=&#8221;1\/3&#8243;][mk_fancy_title color=&#8221;#72d5e7&#8243; size=&#8221;25&#8243; font_weight=&#8221;400&#8243; txt_transform=&#8221;capitalize&#8221; margin_bottom=&#8221;15&#8243; font_family=&#8221;Poppins&#8221; font_type=&#8221;google&#8221; responsive_align=&#8221;left&#8221;]Un Luogo Unico[\/mk_fancy_title][mk_image src=&#8221;https:\/\/www.nidodegliulivi.com\/It\/wp-content\/uploads\/2019\/01\/where_are_you_nido_degli_ulivi_cortona_tuscany.jpg&#8221; image_size=&#8221;full&#8221;][vc_column_text disable_pattern=&#8221;false&#8221; css=&#8221;.vc_custom_1555580459248{margin-bottom: 0px !important;}&#8221;]\n<p style=\"text-align: justify;\">Situato in una posizione strategica, sar\u00e0 il vostro punto di partenza per conoscere le citt\u00e0 e i paesaggi della Toscana.<\/p>\n[\/vc_column_text][mk_padding_divider size=&#8221;60&#8243; visibility=&#8221;visible-sm&#8221;][\/vc_column][\/vc_row][mk_page_section bg_color=&#8221;#ffbb44&#8243; padding_top=&#8221;40&#8243; padding_bottom=&#8221;40&#8243; sidebar=&#8221;sidebar-1&#8243;][vc_column][vc_column_text disable_pattern=&#8221;false&#8221; align=&#8221;center&#8221; animation=&#8221;top-to-bottom&#8221; css=&#8221;.vc_custom_1658220986612{margin-bottom: 0px !important;}&#8221;]\n<div style=\"font-size: 20px; color: #fff;\">Per qualunque informazione&#8230;<\/div>\n[\/vc_column_text][mk_fancy_title tag_name=&#8221;h4&#8243; color=&#8221;#ffffff&#8221; size=&#8221;40&#8243; force_font_size=&#8221;true&#8221; size_smallscreen=&#8221;40&#8243; size_tablet=&#8221;40&#8243; size_phone=&#8221;30&#8243; font_weight=&#8221;400&#8243; txt_transform=&#8221;uppercase&#8221; margin_top=&#8221;15&#8243; margin_bottom=&#8221;0&#8243; font_family=&#8221;Poppins&#8221; font_type=&#8221;google&#8221; align=&#8221;center&#8221; animation=&#8221;top-to-bottom&#8221;]Il Nostro Staff Sar\u00e0 Lieto di Rispondervi[\/mk_fancy_title][vc_row_inner][vc_column_inner width=&#8221;1\/2&#8243;][mk_button dimension=&#8221;outline&#8221; size=&#8221;large&#8221; url=&#8221;https:\/\/www.nidodegliulivi.com\/It\/contatti-nido-ulivi-cortona-toscana\/&#8221; nofollow=&#8221;true&#8221; align=&#8221;center&#8221; fullwidth=&#8221;true&#8221; margin_bottom=&#8221;0&#8243; margin_right=&#8221;0&#8243; animation=&#8221;fade-in&#8221; outline_skin=&#8221;custom&#8221; outline_active_color=&#8221;#ffffff&#8221; outline_active_text_color=&#8221;#ffffff&#8221; outline_hover_bg_color=&#8221;#5e5e5e&#8221; outline_hover_color=&#8221;#ffffff&#8221;]Contattaci[\/mk_button][mk_padding_divider size=&#8221;10&#8243;][\/vc_column_inner][vc_column_inner width=&#8221;1\/2&#8243;][mk_button dimension=&#8221;outline&#8221; size=&#8221;large&#8221; url=&#8221;https:\/\/www.nidodegliulivi.com\/It\/Book\/index.html&#8221; target=&#8221;_blank&#8221; nofollow=&#8221;true&#8221; align=&#8221;center&#8221; fullwidth=&#8221;true&#8221; margin_bottom=&#8221;0&#8243; margin_right=&#8221;0&#8243; animation=&#8221;fade-in&#8221; outline_skin=&#8221;custom&#8221; outline_active_color=&#8221;#ffffff&#8221; outline_active_text_color=&#8221;#ffffff&#8221; outline_hover_bg_color=&#8221;#5e5e5e&#8221; outline_hover_color=&#8221;#ffffff&#8221;]Libro degli Ospiti[\/mk_button][mk_padding_divider size=&#8221;10&#8243;][\/vc_column_inner][\/vc_row_inner][mk_padding_divider size=&#8221;30&#8243;][vc_row_inner][vc_column_inner width=&#8221;1\/3&#8243;][mk_padding_divider size=&#8221;30&#8243;][mk_font_icons icon=&#8221;mk-icon-arrow-down&#8221; color=&#8221;#ffffff&#8221; size=&#8221;large&#8221; align=&#8221;center&#8221;][mk_padding_divider size=&#8221;30&#8243;][vc_column_text css=&#8221;.vc_custom_1673955427594{margin-bottom: 0px !important;}&#8221;]\n<p style=\"text-align: center;\"><a href=\"https:\/\/www.booking.com\/hotel\/it\/il-nido-degli-ulivi.it.html\" target=\"_blank\" rel=\"noopener noreferrer\"><strong>Siamo su Booking.Com<\/strong><\/a><\/p>\n[\/vc_column_text][\/vc_column_inner][vc_column_inner width=&#8221;1\/3&#8243;][mk_padding_divider size=&#8221;30&#8243;][mk_font_icons icon=&#8221;mk-icon-arrow-down&#8221; color=&#8221;#ffffff&#8221; size=&#8221;large&#8221; align=&#8221;center&#8221;][mk_padding_divider size=&#8221;30&#8243;][vc_column_text css=&#8221;.vc_custom_1555581914222{margin-bottom: 0px !important;}&#8221;]\n<p style=\"text-align: center;\"><a href=\"https:\/\/www.tripadvisor.it\/Hotel_Review-g187894-d3203602-Reviews-Il_Nido_Degli_Ulivi-Cortona_Province_of_Arezzo_Tuscany.html\" target=\"_blank\" rel=\"noopener noreferrer\"><strong>Siamo su Tripadvisor<\/strong><\/a><\/p>\n[\/vc_column_text][\/vc_column_inner][vc_column_inner width=&#8221;1\/3&#8243;][mk_padding_divider size=&#8221;30&#8243;][mk_font_icons icon=&#8221;mk-icon-arrow-down&#8221; color=&#8221;#ffffff&#8221; size=&#8221;large&#8221; align=&#8221;center&#8221;][mk_padding_divider size=&#8221;30&#8243;][vc_column_text css=&#8221;.vc_custom_1551371733954{margin-bottom: 0px !important;}&#8221;]\n<p style=\"text-align: center;\"><a href=\"https:\/\/www.nidodegliulivi.com\/It\/wp-content\/uploads\/2019\/02\/credit-card.fw_-1.png\"><img loading=\"lazy\" decoding=\"async\" class=\"alignnone size-full wp-image-5214\" src=\"https:\/\/www.nidodegliulivi.com\/It\/wp-content\/uploads\/2019\/02\/credit-card.fw_-1.png\" alt=\"The Nido degli Ulivi\" width=\"180\" height=\"42\" \/><\/a><\/p>\n[\/vc_column_text][\/vc_column_inner][\/vc_row_inner][\/vc_column][\/mk_page_section]\n","protected":false},"excerpt":{"rendered":"<p>[mk_page_section bg_repeat=&#8221;no-repeat&#8221; bg_stretch=&#8221;true&#8221; video_opacity=&#8221;0.9&#8243; min_height=&#8221;500&#8243; full_width=&#8221;true&#8221; js_vertical_centered=&#8221;true&#8221; padding_top=&#8221;0&#8243; padding_bottom=&#8221;0&#8243; visibility=&#8221;hidden-sm&#8221; sidebar=&#8221;sidebar-1&#8243;][vc_column][mk_layerslider id=&#8221;1&#8243;][\/vc_column][\/mk_page_section][vc_row][vc_column][mk_padding_divider size=&#8221;20&#8243;][mk_fancy_title tag_name=&#8221;h3&#8243; color=&#8221;#72d5e7&#8243; size=&#8221;40&#8243; force_font_size=&#8221;true&#8221; size_tablet=&#8221;40&#8243; size_phone=&#8221;30&#8243; font_weight=&#8221;400&#8243; txt_transform=&#8221;none&#8221; font_family=&#8221;Poppins&#8221; font_type=&#8221;google&#8221; responsive_align=&#8221;left&#8221; animation=&#8221;top-to-bottom&#8221;]Un Luogo Unico[\/mk_fancy_title][vc_column_text disable_pattern=&#8221;false&#8221; css=&#8221;.vc_custom_1555688057213{margin-bottom: 0px !important;}&#8221;] Cortona, una delle 12 citt\u00e0 della confederazione etrusca, le sue primitive mura ciclopiche si possono ancora oggi osservare imponenti tratti appena modificati da mura [&hellip;]<\/p>\n","protected":false},"author":1,"featured_media":0,"parent":0,"menu_order":0,"comment_status":"closed","ping_status":"closed","template":"","meta":{"footnotes":""},"yoast_head":"<!-- This site is optimized with the Yoast SEO plugin v22.0 - https:\/\/yoast.com\/wordpress\/plugins\/seo\/ -->\n<title>Toscana - Nido degli Ulivi<\/title>\n<meta name=\"robots\" content=\"index, follow, max-snippet:-1, max-image-preview:large, max-video-preview:-1\" \/>\n<link rel=\"canonical\" href=\"https:\/\/www.nidodegliulivi.com\/It\/toscana-nido-ulivi-cortona\/\" \/>\n<meta property=\"og:locale\" content=\"it_IT\" \/>\n<meta property=\"og:type\" content=\"article\" \/>\n<meta property=\"og:title\" content=\"Toscana - Nido degli Ulivi\" \/>\n<meta property=\"og:description\" content=\"[mk_page_section bg_repeat=&#8221;no-repeat&#8221; bg_stretch=&#8221;true&#8221; video_opacity=&#8221;0.9&#8243; min_height=&#8221;500&#8243; full_width=&#8221;true&#8221; js_vertical_centered=&#8221;true&#8221; padding_top=&#8221;0&#8243; padding_bottom=&#8221;0&#8243; visibility=&#8221;hidden-sm&#8221; sidebar=&#8221;sidebar-1&#8243;][vc_column][mk_layerslider id=&#8221;1&#8243;][\/vc_column][\/mk_page_section][vc_row][vc_column][mk_padding_divider size=&#8221;20&#8243;][mk_fancy_title tag_name=&#8221;h3&#8243; color=&#8221;#72d5e7&#8243; size=&#8221;40&#8243; force_font_size=&#8221;true&#8221; size_tablet=&#8221;40&#8243; size_phone=&#8221;30&#8243; font_weight=&#8221;400&#8243; txt_transform=&#8221;none&#8221; font_family=&#8221;Poppins&#8221; font_type=&#8221;google&#8221; responsive_align=&#8221;left&#8221; animation=&#8221;top-to-bottom&#8221;]Un Luogo Unico[\/mk_fancy_title][vc_column_text disable_pattern=&#8221;false&#8221; css=&#8221;.vc_custom_1555688057213{margin-bottom: 0px !important;}&#8221;] Cortona, una delle 12 citt\u00e0 della confederazione etrusca, le sue primitive mura ciclopiche si possono ancora oggi osservare imponenti tratti appena modificati da mura [&hellip;]\" \/>\n<meta property=\"og:url\" content=\"https:\/\/www.nidodegliulivi.com\/It\/toscana-nido-ulivi-cortona\/\" \/>\n<meta property=\"og:site_name\" content=\"Nido degli Ulivi\" \/>\n<meta property=\"article:publisher\" content=\"https:\/\/www.facebook.com\/NidoDegliUlivi\/\" \/>\n<meta property=\"article:modified_time\" content=\"2023-01-17T11:37:15+00:00\" \/>\n<meta property=\"og:image\" content=\"https:\/\/www.nidodegliulivi.com\/It\/wp-content\/uploads\/2019\/02\/credit-card.fw_-1.png\" \/>\n<meta name=\"twitter:card\" content=\"summary_large_image\" \/>\n<meta name=\"twitter:label1\" content=\"Tempo di lettura stimato\" \/>\n\t<meta name=\"twitter:data1\" content=\"8 minuti\" \/>\n<script type=\"application\/ld+json\" class=\"yoast-schema-graph\">{\"@context\":\"https:\/\/schema.org\",\"@graph\":[{\"@type\":\"WebPage\",\"@id\":\"https:\/\/www.nidodegliulivi.com\/It\/toscana-nido-ulivi-cortona\/\",\"url\":\"https:\/\/www.nidodegliulivi.com\/It\/toscana-nido-ulivi-cortona\/\",\"name\":\"Toscana - Nido degli Ulivi\",\"isPartOf\":{\"@id\":\"https:\/\/www.nidodegliulivi.com\/It\/#website\"},\"datePublished\":\"2019-01-17T09:58:32+00:00\",\"dateModified\":\"2023-01-17T11:37:15+00:00\",\"breadcrumb\":{\"@id\":\"https:\/\/www.nidodegliulivi.com\/It\/toscana-nido-ulivi-cortona\/#breadcrumb\"},\"inLanguage\":\"it-IT\",\"potentialAction\":[{\"@type\":\"ReadAction\",\"target\":[\"https:\/\/www.nidodegliulivi.com\/It\/toscana-nido-ulivi-cortona\/\"]}]},{\"@type\":\"BreadcrumbList\",\"@id\":\"https:\/\/www.nidodegliulivi.com\/It\/toscana-nido-ulivi-cortona\/#breadcrumb\",\"itemListElement\":[{\"@type\":\"ListItem\",\"position\":1,\"name\":\"Home\",\"item\":\"https:\/\/www.nidodegliulivi.com\/It\/\"},{\"@type\":\"ListItem\",\"position\":2,\"name\":\"Toscana\"}]},{\"@type\":\"WebSite\",\"@id\":\"https:\/\/www.nidodegliulivi.com\/It\/#website\",\"url\":\"https:\/\/www.nidodegliulivi.com\/It\/\",\"name\":\"Nido degli Ulivi\",\"description\":\"Your Holidays in Tuscany\",\"publisher\":{\"@id\":\"https:\/\/www.nidodegliulivi.com\/It\/#organization\"},\"potentialAction\":[{\"@type\":\"SearchAction\",\"target\":{\"@type\":\"EntryPoint\",\"urlTemplate\":\"https:\/\/www.nidodegliulivi.com\/It\/?s={search_term_string}\"},\"query-input\":\"required name=search_term_string\"}],\"inLanguage\":\"it-IT\"},{\"@type\":\"Organization\",\"@id\":\"https:\/\/www.nidodegliulivi.com\/It\/#organization\",\"name\":\"Nido degli Ulivi\",\"url\":\"https:\/\/www.nidodegliulivi.com\/It\/\",\"logo\":{\"@type\":\"ImageObject\",\"inLanguage\":\"it-IT\",\"@id\":\"https:\/\/www.nidodegliulivi.com\/It\/#\/schema\/logo\/image\/\",\"url\":\"https:\/\/www.nidodegliulivi.com\/It\/wp-content\/uploads\/2019\/01\/nido_degli_ulivi_cortona_tuscany_logotype.fw_.png\",\"contentUrl\":\"https:\/\/www.nidodegliulivi.com\/It\/wp-content\/uploads\/2019\/01\/nido_degli_ulivi_cortona_tuscany_logotype.fw_.png\",\"width\":284,\"height\":81,\"caption\":\"Nido degli Ulivi\"},\"image\":{\"@id\":\"https:\/\/www.nidodegliulivi.com\/It\/#\/schema\/logo\/image\/\"},\"sameAs\":[\"https:\/\/www.facebook.com\/NidoDegliUlivi\/\",\"https:\/\/www.instagram.com\/nidodegliulivi\/?hl=it\"]}]}<\/script>\n<!-- \/ Yoast SEO plugin. -->","yoast_head_json":{"title":"Toscana - Nido degli Ulivi","robots":{"index":"index","follow":"follow","max-snippet":"max-snippet:-1","max-image-preview":"max-image-preview:large","max-video-preview":"max-video-preview:-1"},"canonical":"https:\/\/www.nidodegliulivi.com\/It\/toscana-nido-ulivi-cortona\/","og_locale":"it_IT","og_type":"article","og_title":"Toscana - Nido degli Ulivi","og_description":"[mk_page_section bg_repeat=&#8221;no-repeat&#8221; bg_stretch=&#8221;true&#8221; video_opacity=&#8221;0.9&#8243; min_height=&#8221;500&#8243; full_width=&#8221;true&#8221; js_vertical_centered=&#8221;true&#8221; padding_top=&#8221;0&#8243; padding_bottom=&#8221;0&#8243; visibility=&#8221;hidden-sm&#8221; sidebar=&#8221;sidebar-1&#8243;][vc_column][mk_layerslider id=&#8221;1&#8243;][\/vc_column][\/mk_page_section][vc_row][vc_column][mk_padding_divider size=&#8221;20&#8243;][mk_fancy_title tag_name=&#8221;h3&#8243; color=&#8221;#72d5e7&#8243; size=&#8221;40&#8243; force_font_size=&#8221;true&#8221; size_tablet=&#8221;40&#8243; size_phone=&#8221;30&#8243; font_weight=&#8221;400&#8243; txt_transform=&#8221;none&#8221; font_family=&#8221;Poppins&#8221; font_type=&#8221;google&#8221; responsive_align=&#8221;left&#8221; animation=&#8221;top-to-bottom&#8221;]Un Luogo Unico[\/mk_fancy_title][vc_column_text disable_pattern=&#8221;false&#8221; css=&#8221;.vc_custom_1555688057213{margin-bottom: 0px !important;}&#8221;] Cortona, una delle 12 citt\u00e0 della confederazione etrusca, le sue primitive mura ciclopiche si possono ancora oggi osservare imponenti tratti appena modificati da mura [&hellip;]","og_url":"https:\/\/www.nidodegliulivi.com\/It\/toscana-nido-ulivi-cortona\/","og_site_name":"Nido degli Ulivi","article_publisher":"https:\/\/www.facebook.com\/NidoDegliUlivi\/","article_modified_time":"2023-01-17T11:37:15+00:00","og_image":[{"url":"https:\/\/www.nidodegliulivi.com\/It\/wp-content\/uploads\/2019\/02\/credit-card.fw_-1.png"}],"twitter_card":"summary_large_image","twitter_misc":{"Tempo di lettura stimato":"8 minuti"},"schema":{"@context":"https:\/\/schema.org","@graph":[{"@type":"WebPage","@id":"https:\/\/www.nidodegliulivi.com\/It\/toscana-nido-ulivi-cortona\/","url":"https:\/\/www.nidodegliulivi.com\/It\/toscana-nido-ulivi-cortona\/","name":"Toscana - Nido degli Ulivi","isPartOf":{"@id":"https:\/\/www.nidodegliulivi.com\/It\/#website"},"datePublished":"2019-01-17T09:58:32+00:00","dateModified":"2023-01-17T11:37:15+00:00","breadcrumb":{"@id":"https:\/\/www.nidodegliulivi.com\/It\/toscana-nido-ulivi-cortona\/#breadcrumb"},"inLanguage":"it-IT","potentialAction":[{"@type":"ReadAction","target":["https:\/\/www.nidodegliulivi.com\/It\/toscana-nido-ulivi-cortona\/"]}]},{"@type":"BreadcrumbList","@id":"https:\/\/www.nidodegliulivi.com\/It\/toscana-nido-ulivi-cortona\/#breadcrumb","itemListElement":[{"@type":"ListItem","position":1,"name":"Home","item":"https:\/\/www.nidodegliulivi.com\/It\/"},{"@type":"ListItem","position":2,"name":"Toscana"}]},{"@type":"WebSite","@id":"https:\/\/www.nidodegliulivi.com\/It\/#website","url":"https:\/\/www.nidodegliulivi.com\/It\/","name":"Nido degli Ulivi","description":"Your Holidays in Tuscany","publisher":{"@id":"https:\/\/www.nidodegliulivi.com\/It\/#organization"},"potentialAction":[{"@type":"SearchAction","target":{"@type":"EntryPoint","urlTemplate":"https:\/\/www.nidodegliulivi.com\/It\/?s={search_term_string}"},"query-input":"required name=search_term_string"}],"inLanguage":"it-IT"},{"@type":"Organization","@id":"https:\/\/www.nidodegliulivi.com\/It\/#organization","name":"Nido degli Ulivi","url":"https:\/\/www.nidodegliulivi.com\/It\/","logo":{"@type":"ImageObject","inLanguage":"it-IT","@id":"https:\/\/www.nidodegliulivi.com\/It\/#\/schema\/logo\/image\/","url":"https:\/\/www.nidodegliulivi.com\/It\/wp-content\/uploads\/2019\/01\/nido_degli_ulivi_cortona_tuscany_logotype.fw_.png","contentUrl":"https:\/\/www.nidodegliulivi.com\/It\/wp-content\/uploads\/2019\/01\/nido_degli_ulivi_cortona_tuscany_logotype.fw_.png","width":284,"height":81,"caption":"Nido degli Ulivi"},"image":{"@id":"https:\/\/www.nidodegliulivi.com\/It\/#\/schema\/logo\/image\/"},"sameAs":["https:\/\/www.facebook.com\/NidoDegliUlivi\/","https:\/\/www.instagram.com\/nidodegliulivi\/?hl=it"]}]}},"jetpack_sharing_enabled":true,"_links":{"self":[{"href":"https:\/\/www.nidodegliulivi.com\/It\/wp-json\/wp\/v2\/pages\/5158"}],"collection":[{"href":"https:\/\/www.nidodegliulivi.com\/It\/wp-json\/wp\/v2\/pages"}],"about":[{"href":"https:\/\/www.nidodegliulivi.com\/It\/wp-json\/wp\/v2\/types\/page"}],"author":[{"embeddable":true,"href":"https:\/\/www.nidodegliulivi.com\/It\/wp-json\/wp\/v2\/users\/1"}],"replies":[{"embeddable":true,"href":"https:\/\/www.nidodegliulivi.com\/It\/wp-json\/wp\/v2\/comments?post=5158"}],"version-history":[{"count":14,"href":"https:\/\/www.nidodegliulivi.com\/It\/wp-json\/wp\/v2\/pages\/5158\/revisions"}],"predecessor-version":[{"id":5375,"href":"https:\/\/www.nidodegliulivi.com\/It\/wp-json\/wp\/v2\/pages\/5158\/revisions\/5375"}],"wp:attachment":[{"href":"https:\/\/www.nidodegliulivi.com\/It\/wp-json\/wp\/v2\/media?parent=5158"}],"curies":[{"name":"wp","href":"https:\/\/api.w.org\/{rel}","templated":true}]}}